{"id":1536,"date":"2023-09-17T15:38:37","date_gmt":"2023-09-17T15:38:37","guid":{"rendered":"http:\/\/congreso.us.es\/movenet\/?page_id=1536"},"modified":"2023-11-27T21:41:00","modified_gmt":"2023-11-27T21:41:00","slug":"i-move-net","status":"publish","type":"page","link":"https:\/\/congreso.us.es\/movenet\/i-move-net\/","title":{"rendered":"I Congreso Move.net"},"content":{"rendered":"\t\t<div data-elementor-type=\"wp-page\" data-elementor-id=\"1536\" class=\"elementor elementor-1536\">\n\t\t\t\t\t\t\t\t\t<section class=\"elementor-section elementor-top-section elementor-element elementor-element-bb615e1 elementor-section-boxed elementor-section-height-default elementor-section-height-default\" data-id=\"bb615e1\" data-element_type=\"section\">\n\t\t\t\t\t\t<div class=\"elementor-container elementor-column-gap-default\">\n\t\t\t\t\t<div class=\"elementor-column elementor-col-100 elementor-top-column elementor-element elementor-element-9f8a822\" data-id=\"9f8a822\" data-element_type=\"column\">\n\t\t\t<div class=\"elementor-widget-wrap\">\n\t\t\t\t\t\t\t\t\t<\/div>\n\t\t<\/div>\n\t\t\t\t\t\t\t<\/div>\n\t\t<\/section>\n\t\t\t\t<section class=\"elementor-section elementor-top-section elementor-element elementor-element-cb504aa elementor-section-boxed elementor-section-height-default elementor-section-height-default\" data-id=\"cb504aa\" data-element_type=\"section\">\n\t\t\t\t\t\t<div class=\"elementor-container elementor-column-gap-default\">\n\t\t\t\t\t<div class=\"elementor-column elementor-col-100 elementor-top-column elementor-element elementor-element-75a61d1\" data-id=\"75a61d1\" data-element_type=\"column\">\n\t\t\t<div class=\"elementor-widget-wrap elementor-element-populated\">\n\t\t\t\t\t\t\t\t<div class=\"elementor-element elementor-element-74c4d0e elementor-view-default elementor-vertical-align-top elementor-widget elementor-widget-icon-box\" data-id=\"74c4d0e\" data-element_type=\"widget\" data-widget_type=\"icon-box.default\">\n\t\t\t\t<div class=\"elementor-widget-container\">\n\t\t\t<link rel=\"stylesheet\" href=\"http:\/\/congreso.us.es\/movenet\/wp-content\/plugins\/elementor\/assets\/css\/widget-icon-box.min.css\">\t\t<div class=\"elementor-icon-box-wrapper\">\n\t\t\t\t\t\t<div class=\"elementor-icon-box-content\">\n\t\t\t\t<h3 class=\"elementor-icon-box-title\">\n\t\t\t\t\t<span  >\n\t\t\t\t\t\tI Congreso Internacional<br>Move.net sobre Movimientos Sociales y TIC\t\t\t\t\t<\/span>\n\t\t\t\t<\/h3>\n\t\t\t\t\t\t\t\t\t<p class=\"elementor-icon-box-description\">\n\t\t\t\t\t\tUniversidad Pablo Olavide \/ 5-7 de febrero de 2015\t\t\t\t\t<\/p>\n\t\t\t\t\t\t\t<\/div>\n\t\t<\/div>\n\t\t\t\t<\/div>\n\t\t\t\t<\/div>\n\t\t\t\t\t<\/div>\n\t\t<\/div>\n\t\t\t\t\t\t\t<\/div>\n\t\t<\/section>\n\t\t\t\t<section class=\"elementor-section elementor-top-section elementor-element elementor-element-571f3a3 elementor-section-boxed elementor-section-height-default elementor-section-height-default\" data-id=\"571f3a3\" data-element_type=\"section\">\n\t\t\t\t\t\t<div class=\"elementor-container elementor-column-gap-default\">\n\t\t\t\t\t<div class=\"elementor-column elementor-col-100 elementor-top-column elementor-element elementor-element-fe0e35f\" data-id=\"fe0e35f\" data-element_type=\"column\">\n\t\t\t<div class=\"elementor-widget-wrap elementor-element-populated\">\n\t\t\t\t\t\t\t\t<div class=\"elementor-element elementor-element-5dcb819 elementor-widget elementor-widget-image\" data-id=\"5dcb819\" data-element_type=\"widget\" data-widget_type=\"image.default\">\n\t\t\t\t<div class=\"elementor-widget-container\">\n\t\t\t<style>\/*! elementor - v3.6.2 - 04-04-2022 *\/\n.elementor-widget-image{text-align:center}.elementor-widget-image a{display:inline-block}.elementor-widget-image a img[src$=\".svg\"]{width:48px}.elementor-widget-image img{vertical-align:middle;display:inline-block}<\/style>\t\t\t\t\t\t\t\t\t\t\t\t<img width=\"1024\" height=\"245\" src=\"https:\/\/congreso.us.es\/movenet\/wp-content\/uploads\/2023\/09\/notaprensa-1-1024x245.jpg\" class=\"attachment-large size-large\" alt=\"\" loading=\"lazy\" srcset=\"https:\/\/congreso.us.es\/movenet\/wp-content\/uploads\/2023\/09\/notaprensa-1-1024x245.jpg 1024w, https:\/\/congreso.us.es\/movenet\/wp-content\/uploads\/2023\/09\/notaprensa-1-300x72.jpg 300w, https:\/\/congreso.us.es\/movenet\/wp-content\/uploads\/2023\/09\/notaprensa-1-768x184.jpg 768w, https:\/\/congreso.us.es\/movenet\/wp-content\/uploads\/2023\/09\/notaprensa-1-1536x367.jpg 1536w, https:\/\/congreso.us.es\/movenet\/wp-content\/uploads\/2023\/09\/notaprensa-1.jpg 1908w\" sizes=\"(max-width: 1024px) 100vw, 1024px\" \/>\t\t\t\t\t\t\t\t\t\t\t\t\t\t\t<\/div>\n\t\t\t\t<\/div>\n\t\t\t\t<div class=\"elementor-element elementor-element-8a313a4 elementor-widget elementor-widget-text-editor\" data-id=\"8a313a4\" data-element_type=\"widget\" data-widget_type=\"text-editor.default\">\n\t\t\t\t<div class=\"elementor-widget-container\">\n\t\t\t<style>\/*! elementor - v3.6.2 - 04-04-2022 *\/\n.elementor-widget-text-editor.elementor-drop-cap-view-stacked .elementor-drop-cap{background-color:#818a91;color:#fff}.elementor-widget-text-editor.elementor-drop-cap-view-framed .elementor-drop-cap{color:#818a91;border:3px solid;background-color:transparent}.elementor-widget-text-editor:not(.elementor-drop-cap-view-default) .elementor-drop-cap{margin-top:8px}.elementor-widget-text-editor:not(.elementor-drop-cap-view-default) .elementor-drop-cap-letter{width:1em;height:1em}.elementor-widget-text-editor .elementor-drop-cap{float:left;text-align:center;line-height:1;font-size:50px}.elementor-widget-text-editor .elementor-drop-cap-letter{display:inline-block}<\/style>\t\t\t\t<p>La <strong>I Edici\u00f3n<\/strong> de Move.net se celebr\u00f3 el<strong> 5, 6 y 7 de febrero de 2015<\/strong> en la Universidad Pablo de Olavide de Sevilla. Cont\u00f3 con la presencia de destacados acad\u00e9micos y activistas de la tecnopol\u00edtica como Margarita Padilla, David Bravo, Juan Moreno Yag\u00fce, Patricia Horrillo, Marta G. Franco, Manje, Alex Hach\u00e9, Francisco Jurado o representantes de Nodo50, AgoraVoting, OpenKratio, Zemos98, Enreda, Ganemos Madrid o la Coordinadora de Inform\u00e1tica de la CGT. Desde la academia destac\u00f3 la presencia del director de la CIESPAL, Francisco Sierra, el catedr\u00e1tico de la Universidad Rey Juan Carlos V\u00edctor Sampedro o el profesor de la Universidad de C\u00f3rdoba y experto en movimientos sociales \u00c1ngel Calle.<\/p><p>La respuesta a este primer llamamiento obtuvo por tanto un fuerte respaldo internacional, tanto desde el \u00e1mbito acad\u00e9mico como desde la sociedad civil, cumpliendo as\u00ed el objetivo de tender puentes entre la Universidad y la calle, entre la teor\u00eda y la pr\u00e1ctica, y tambi\u00e9n entre pa\u00edses y continentes. Este di\u00e1logo se materializ\u00f3 en un total de <strong>19 conferencias<\/strong> y <strong>6 mesas redondas<\/strong> en las que se abordaron los ejes tem\u00e1ticos propuestos. Tambi\u00e9n hubo espacio para <strong>3 presentaciones de libros<\/strong>, un debate sobre las relaciones entre la Academia y los Movimientos Sociales y otro sobre Municipalismo y Pol\u00edtica en la Red que cont\u00f3 con representantes de Podemos y Ganemos en varios territorios.<\/p><p>Se aceptaron finalmente un total de<strong> 38 comunicaciones<\/strong> por parte de autores de 10 pa\u00edses en representaci\u00f3n de Universidades y centros de investigaci\u00f3n de Espa\u00f1a, Portugal, Italia, Dinamarca, M\u00e9xico, Colombia, Estados Unidos, Canad\u00e1, Turqu\u00eda y Sud\u00e1frica. En cuanto a los resultados acad\u00e9micos, adem\u00e1s de la publicaci\u00f3n de las <a href=\"https:\/\/idus.us.es\/handle\/11441\/43684\"><strong>Actas<\/strong><\/a> el Congreso, el Congreso dio lugar a la edici\u00f3n de <strong>2 monogr\u00e1ficos<\/strong> en la <a href=\"https:\/\/www.upo.es\/revistas\/index.php\/ripp\/issue\/view\/209\"><strong>Revista Internacional de Pensamiento Pol\u00edtico (RIPP) <\/strong><\/a>con art\u00edculos escritos a partir de las mejores ponencias presentadas y la edici\u00f3n del <strong>libro<\/strong> <a href=\"https:\/\/idus.us.es\/handle\/11441\/86686\"><strong>Activismo digital y nuevos modos de ciudadan\u00eda: Una mirada global<\/strong><\/a>\u00a0 (Cand\u00f3n-Mena y Ben\u00edtez-Eyzaguirre \/ InCom-UAB, 2016).<\/p><p><strong>Organizan:<\/strong><\/p><p><img loading=\"lazy\" class=\"size-full wp-image-93 alignleft\" src=\"http:\/\/congreso.us.es\/movenet\/wp-content\/uploads\/2014\/01\/logo-compoliticas.jpg\" alt=\"\" width=\"225\" height=\"50\" \/>Grupo Interdisciplinario de Estudios en Comunicaci\u00f3n, Pol\u00edtica y Cambio Social de la Universidad de Sevilla (<a href=\"http:\/\/grupo.us.es\/compoliticas\/\">COMPOLITICAS<\/a>).<\/p><p><img loading=\"lazy\" class=\"size-full wp-image-94 alignleft\" src=\"http:\/\/congreso.us.es\/movenet\/wp-content\/uploads\/2014\/01\/logo-lippo.jpg\" alt=\"\" width=\"225\" height=\"50\" \/><br \/>Laboratorio de Ideas y Pr\u00e1cticas Pol\u00edticas de la Universidad Pablo de Olavide (<a href=\"https:\/\/lippoupo.org\/\">LIPPO<\/a>)<\/p><p><strong>Colaboran: <\/strong><a href=\"https:\/\/tramallol.cc\/\">Cooperativa Tramallol<\/a> y <a href=\"https:\/\/lafugalibrerias.com\/\">Librer\u00eda La Fuga<\/a><\/p>\t\t\t\t\t\t<\/div>\n\t\t\t\t<\/div>\n\t\t\t\t\t<\/div>\n\t\t<\/div>\n\t\t\t\t\t\t\t<\/div>\n\t\t<\/section>\n\t\t\t\t<section class=\"elementor-section elementor-top-section elementor-element elementor-element-b6063bc elementor-section-boxed elementor-section-height-default elementor-section-height-default\" data-id=\"b6063bc\" data-element_type=\"section\">\n\t\t\t\t\t\t<div class=\"elementor-container elementor-column-gap-default\">\n\t\t\t\t\t<div class=\"elementor-column elementor-col-50 elementor-top-column elementor-element elementor-element-46f650e\" data-id=\"46f650e\" data-element_type=\"column\">\n\t\t\t<div class=\"elementor-widget-wrap elementor-element-populated\">\n\t\t\t\t\t\t\t\t<div class=\"elementor-element elementor-element-2b77fb0 elementor-position-left elementor-view-default elementor-mobile-position-top elementor-vertical-align-top elementor-widget elementor-widget-icon-box\" data-id=\"2b77fb0\" data-element_type=\"widget\" data-widget_type=\"icon-box.default\">\n\t\t\t\t<div class=\"elementor-widget-container\">\n\t\t\t\t\t<div class=\"elementor-icon-box-wrapper\">\n\t\t\t\t\t\t<div class=\"elementor-icon-box-icon\">\n\t\t\t\t<span class=\"elementor-icon elementor-animation-\" >\n\t\t\t\t<i aria-hidden=\"true\" class=\"fas fa-clipboard-list\"><\/i>\t\t\t\t<\/span>\n\t\t\t<\/div>\n\t\t\t\t\t\t<div class=\"elementor-icon-box-content\">\n\t\t\t\t<h3 class=\"elementor-icon-box-title\">\n\t\t\t\t\t<span  >\n\t\t\t\t\t\tActas\t\t\t\t\t<\/span>\n\t\t\t\t<\/h3>\n\t\t\t\t\t\t\t<\/div>\n\t\t<\/div>\n\t\t\t\t<\/div>\n\t\t\t\t<\/div>\n\t\t\t\t<div class=\"elementor-element elementor-element-91ed1f4 elementor-widget elementor-widget-text-editor\" data-id=\"91ed1f4\" data-element_type=\"widget\" data-widget_type=\"text-editor.default\">\n\t\t\t\t<div class=\"elementor-widget-container\">\n\t\t\t\t\t\t\t<p><img loading=\"lazy\" class=\"alignleft wp-image-126\" src=\"http:\/\/personal.us.es\/jcandon\/wp-content\/uploads\/2017\/03\/portada_actas-movenet.jpg\" alt=\"\" width=\"95\" height=\"134\" \/>Cand\u00f3n-Mena, Jose (ed.) (2016). <em>Actas del I Congreso Internacional Move.net sobre Movimientos Sociales y TIC<\/em>, celebrado del 5 al 7 de febrero de 2015. Sevilla: COMPOL\u00cdTICAS.<br \/>ISBN: 978-84-608-9522-0<br \/><a href=\"https:\/\/idus.us.es\/handle\/11441\/43684\">Descargar<\/a><\/p>\t\t\t\t\t\t<\/div>\n\t\t\t\t<\/div>\n\t\t\t\t\t<\/div>\n\t\t<\/div>\n\t\t\t\t<div class=\"elementor-column elementor-col-50 elementor-top-column elementor-element elementor-element-9e2217d\" data-id=\"9e2217d\" data-element_type=\"column\">\n\t\t\t<div class=\"elementor-widget-wrap elementor-element-populated\">\n\t\t\t\t\t\t\t\t<div class=\"elementor-element elementor-element-e9ca417 elementor-position-left elementor-view-default elementor-mobile-position-top elementor-vertical-align-top elementor-widget elementor-widget-icon-box\" data-id=\"e9ca417\" data-element_type=\"widget\" data-widget_type=\"icon-box.default\">\n\t\t\t\t<div class=\"elementor-widget-container\">\n\t\t\t\t\t<div class=\"elementor-icon-box-wrapper\">\n\t\t\t\t\t\t<div class=\"elementor-icon-box-icon\">\n\t\t\t\t<span class=\"elementor-icon elementor-animation-\" >\n\t\t\t\t<i aria-hidden=\"true\" class=\"far fa-calendar-alt\"><\/i>\t\t\t\t<\/span>\n\t\t\t<\/div>\n\t\t\t\t\t\t<div class=\"elementor-icon-box-content\">\n\t\t\t\t<h3 class=\"elementor-icon-box-title\">\n\t\t\t\t\t<span  >\n\t\t\t\t\t\tPrograma\t\t\t\t\t<\/span>\n\t\t\t\t<\/h3>\n\t\t\t\t\t\t\t<\/div>\n\t\t<\/div>\n\t\t\t\t<\/div>\n\t\t\t\t<\/div>\n\t\t\t\t<div class=\"elementor-element elementor-element-9dc44c9 elementor-widget elementor-widget-text-editor\" data-id=\"9dc44c9\" data-element_type=\"widget\" data-widget_type=\"text-editor.default\">\n\t\t\t\t<div class=\"elementor-widget-container\">\n\t\t\t\t\t\t\t<p><img loading=\"lazy\" class=\"wp-image-1588 alignleft\" src=\"http:\/\/congreso.us.es\/movenet\/wp-content\/uploads\/2023\/09\/cartel-I-Movenet-213x300.png\" alt=\"\" width=\"95\" height=\"134\" srcset=\"https:\/\/congreso.us.es\/movenet\/wp-content\/uploads\/2023\/09\/cartel-I-Movenet-213x300.png 213w, https:\/\/congreso.us.es\/movenet\/wp-content\/uploads\/2023\/09\/cartel-I-Movenet-728x1024.png 728w, https:\/\/congreso.us.es\/movenet\/wp-content\/uploads\/2023\/09\/cartel-I-Movenet-768x1080.png 768w, https:\/\/congreso.us.es\/movenet\/wp-content\/uploads\/2023\/09\/cartel-I-Movenet-1092x1536.png 1092w, https:\/\/congreso.us.es\/movenet\/wp-content\/uploads\/2023\/09\/cartel-I-Movenet.png 1145w\" sizes=\"(max-width: 95px) 100vw, 95px\" \/><em>Universidad Pablo Olavide<\/em> <br \/><em>5-7 de febrero de 2015<\/em><br \/><a href=\"http:\/\/congreso.us.es\/movenet\/programa-i-movenet\/\">Ver (web)<\/a> &#8211; <a href=\"http:\/\/congreso.us.es\/movenet\/wp-content\/uploads\/2023\/09\/CartelPrograma-Congreso-Movenet_A3.pdf\">Descargar (pdf)<\/a><\/p>\t\t\t\t\t\t<\/div>\n\t\t\t\t<\/div>\n\t\t\t\t\t<\/div>\n\t\t<\/div>\n\t\t\t\t\t\t\t<\/div>\n\t\t<\/section>\n\t\t\t\t<section class=\"elementor-section elementor-top-section elementor-element elementor-element-9d982c4 elementor-section-boxed elementor-section-height-default elementor-section-height-default\" data-id=\"9d982c4\" data-element_type=\"section\">\n\t\t\t\t\t\t<div class=\"elementor-container elementor-column-gap-default\">\n\t\t\t\t\t<div class=\"elementor-column elementor-col-100 elementor-top-column elementor-element elementor-element-7666b13\" data-id=\"7666b13\" data-element_type=\"column\">\n\t\t\t<div class=\"elementor-widget-wrap elementor-element-populated\">\n\t\t\t\t\t\t\t\t<div class=\"elementor-element elementor-element-459510f elementor-position-left elementor-view-default elementor-mobile-position-top elementor-vertical-align-top elementor-widget elementor-widget-icon-box\" data-id=\"459510f\" data-element_type=\"widget\" data-widget_type=\"icon-box.default\">\n\t\t\t\t<div class=\"elementor-widget-container\">\n\t\t\t\t\t<div class=\"elementor-icon-box-wrapper\">\n\t\t\t\t\t\t<div class=\"elementor-icon-box-icon\">\n\t\t\t\t<span class=\"elementor-icon elementor-animation-\" >\n\t\t\t\t<i aria-hidden=\"true\" class=\"far fa-file-alt\"><\/i>\t\t\t\t<\/span>\n\t\t\t<\/div>\n\t\t\t\t\t\t<div class=\"elementor-icon-box-content\">\n\t\t\t\t<h3 class=\"elementor-icon-box-title\">\n\t\t\t\t\t<span  >\n\t\t\t\t\t\tMonogr\u00e1ficos\t\t\t\t\t<\/span>\n\t\t\t\t<\/h3>\n\t\t\t\t\t\t\t<\/div>\n\t\t<\/div>\n\t\t\t\t<\/div>\n\t\t\t\t<\/div>\n\t\t\t\t\t<\/div>\n\t\t<\/div>\n\t\t\t\t\t\t\t<\/div>\n\t\t<\/section>\n\t\t\t\t<section class=\"elementor-section elementor-top-section elementor-element elementor-element-37f20d1 elementor-section-boxed elementor-section-height-default elementor-section-height-default\" data-id=\"37f20d1\" data-element_type=\"section\">\n\t\t\t\t\t\t<div class=\"elementor-container elementor-column-gap-default\">\n\t\t\t\t\t<div class=\"elementor-column elementor-col-50 elementor-top-column elementor-element elementor-element-3e08c43\" data-id=\"3e08c43\" data-element_type=\"column\">\n\t\t\t<div class=\"elementor-widget-wrap elementor-element-populated\">\n\t\t\t\t\t\t\t\t<div class=\"elementor-element elementor-element-8c2d996 elementor-widget elementor-widget-text-editor\" data-id=\"8c2d996\" data-element_type=\"widget\" data-widget_type=\"text-editor.default\">\n\t\t\t\t<div class=\"elementor-widget-container\">\n\t\t\t\t\t\t\t<p><img loading=\"lazy\" class=\"wp-image-312 alignleft\" src=\"http:\/\/personal.us.es\/jcandon\/wp-content\/uploads\/2017\/03\/cover_issue_209_es_ES-223x300.png\" alt=\"\" width=\"95\" height=\"128\" \/>Mart\u00ednez-Cabezudo, Fernando &amp; Cand\u00f3n-Mena, Jose (coords.) (2016). <em>Internet: Del dominio a la neutralidad de la red. Introducci\u00f3n<\/em> (pp. 13-14) y coordinaci\u00f3n del monogr\u00e1fico (pp. 15-100). Revista Internacional de Pensamiento Pol\u00edtico (RIPP), 10.<br \/>ISSN: 1885-589X<br \/><a href=\"https:\/\/www.upo.es\/revistas\/index.php\/ripp\/issue\/view\/209\">Ver<\/a><\/p>\t\t\t\t\t\t<\/div>\n\t\t\t\t<\/div>\n\t\t\t\t\t<\/div>\n\t\t<\/div>\n\t\t\t\t<div class=\"elementor-column elementor-col-50 elementor-top-column elementor-element elementor-element-8eedcfb\" data-id=\"8eedcfb\" data-element_type=\"column\">\n\t\t\t<div class=\"elementor-widget-wrap elementor-element-populated\">\n\t\t\t\t\t\t\t\t<div class=\"elementor-element elementor-element-ef7f99b elementor-widget elementor-widget-text-editor\" data-id=\"ef7f99b\" data-element_type=\"widget\" data-widget_type=\"text-editor.default\">\n\t\t\t\t<div class=\"elementor-widget-container\">\n\t\t\t\t\t\t\t<p><img loading=\"lazy\" class=\"wp-image-312 alignleft\" src=\"http:\/\/personal.us.es\/jcandon\/wp-content\/uploads\/2017\/03\/cover_issue_209_es_ES-223x300.png\" alt=\"\" width=\"95\" height=\"128\" \/>Cand\u00f3n-Mena, Jose &amp; Mart\u00ednez-Cabezudo, Fernando (coords.) (2016). <em>Internet y nuevos movimientos sociales. Introducci\u00f3n<\/em> (pp. 13-14) y coordinaci\u00f3n del monogr\u00e1fico (pp. 101-170). Revista Internacional de Pensamiento Pol\u00edtico (RIPP), 10.<br \/>ISSN: 1885-589X<br \/><a href=\"https:\/\/www.upo.es\/revistas\/index.php\/ripp\/issue\/view\/209\">Ver<\/a><\/p>\t\t\t\t\t\t<\/div>\n\t\t\t\t<\/div>\n\t\t\t\t\t<\/div>\n\t\t<\/div>\n\t\t\t\t\t\t\t<\/div>\n\t\t<\/section>\n\t\t\t\t<section class=\"elementor-section elementor-top-section elementor-element elementor-element-458ee42 elementor-section-boxed elementor-section-height-default elementor-section-height-default\" data-id=\"458ee42\" data-element_type=\"section\">\n\t\t\t\t\t\t<div class=\"elementor-container elementor-column-gap-default\">\n\t\t\t\t\t<div class=\"elementor-column elementor-col-50 elementor-top-column elementor-element elementor-element-411a2cb\" data-id=\"411a2cb\" data-element_type=\"column\">\n\t\t\t<div class=\"elementor-widget-wrap elementor-element-populated\">\n\t\t\t\t\t\t\t\t<div class=\"elementor-element elementor-element-d320b70 elementor-position-left elementor-view-default elementor-mobile-position-top elementor-vertical-align-top elementor-widget elementor-widget-icon-box\" data-id=\"d320b70\" data-element_type=\"widget\" data-widget_type=\"icon-box.default\">\n\t\t\t\t<div class=\"elementor-widget-container\">\n\t\t\t\t\t<div class=\"elementor-icon-box-wrapper\">\n\t\t\t\t\t\t<div class=\"elementor-icon-box-icon\">\n\t\t\t\t<span class=\"elementor-icon elementor-animation-\" >\n\t\t\t\t<i aria-hidden=\"true\" class=\"fas fa-book\"><\/i>\t\t\t\t<\/span>\n\t\t\t<\/div>\n\t\t\t\t\t\t<div class=\"elementor-icon-box-content\">\n\t\t\t\t<h3 class=\"elementor-icon-box-title\">\n\t\t\t\t\t<span  >\n\t\t\t\t\t\tLibros\t\t\t\t\t<\/span>\n\t\t\t\t<\/h3>\n\t\t\t\t\t\t\t<\/div>\n\t\t<\/div>\n\t\t\t\t<\/div>\n\t\t\t\t<\/div>\n\t\t\t\t<div class=\"elementor-element elementor-element-0c962cd elementor-widget elementor-widget-text-editor\" data-id=\"0c962cd\" data-element_type=\"widget\" data-widget_type=\"text-editor.default\">\n\t\t\t\t<div class=\"elementor-widget-container\">\n\t\t\t\t\t\t\t<div id=\"elementor-tab-content-1841\" class=\"elementor-tab-content elementor-clearfix elementor-active\" style=\"display: block;\" tabindex=\"0\" role=\"tabpanel\" data-tab=\"1\" aria-labelledby=\"elementor-tab-title-1841\"><p><img loading=\"lazy\" class=\"alignleft wp-image-118\" src=\"http:\/\/personal.us.es\/jcandon\/wp-content\/uploads\/2017\/03\/ebook12.jpg\" alt=\"\" width=\"95\" height=\"147\" \/>Cand\u00f3n-Mena, Jose y Ben\u00edtez-Eyzaguirre, Luc\u00eda (eds.) (2016). <em>Activismo digital y nuevos modos de ciudadan\u00eda: Una mirada global.<\/em> InCom-UAB.<br \/>ISBN: 978-84-944171-8-4<br \/><a href=\"https:\/\/incom.uab.cat\/publicacions\/20160000_0000_ebook12.cat.html?id=21\">Ver<\/a> \u2013 <a href=\"https:\/\/hdl.handle.net\/11441\/86686\">Descargar<\/a><\/p><\/div>\t\t\t\t\t\t<\/div>\n\t\t\t\t<\/div>\n\t\t\t\t\t<\/div>\n\t\t<\/div>\n\t\t\t\t<div class=\"elementor-column elementor-col-50 elementor-top-column elementor-element elementor-element-e900887\" data-id=\"e900887\" data-element_type=\"column\">\n\t\t\t<div class=\"elementor-widget-wrap elementor-element-populated\">\n\t\t\t\t\t\t\t\t<div class=\"elementor-element elementor-element-15784b4 elementor-position-left elementor-view-default elementor-mobile-position-top elementor-vertical-align-top elementor-widget elementor-widget-icon-box\" data-id=\"15784b4\" data-element_type=\"widget\" data-widget_type=\"icon-box.default\">\n\t\t\t\t<div class=\"elementor-widget-container\">\n\t\t\t\t\t<div class=\"elementor-icon-box-wrapper\">\n\t\t\t\t\t\t<div class=\"elementor-icon-box-icon\">\n\t\t\t\t<span class=\"elementor-icon elementor-animation-\" >\n\t\t\t\t<i aria-hidden=\"true\" class=\"far fa-newspaper\"><\/i>\t\t\t\t<\/span>\n\t\t\t<\/div>\n\t\t\t\t\t\t<div class=\"elementor-icon-box-content\">\n\t\t\t\t<h3 class=\"elementor-icon-box-title\">\n\t\t\t\t\t<span  >\n\t\t\t\t\t\tPrensa\t\t\t\t\t<\/span>\n\t\t\t\t<\/h3>\n\t\t\t\t\t\t\t<\/div>\n\t\t<\/div>\n\t\t\t\t<\/div>\n\t\t\t\t<\/div>\n\t\t\t\t<div class=\"elementor-element elementor-element-12f2a0c elementor-widget elementor-widget-text-editor\" data-id=\"12f2a0c\" data-element_type=\"widget\" data-widget_type=\"text-editor.default\">\n\t\t\t\t<div class=\"elementor-widget-container\">\n\t\t\t\t\t\t\t<p><img loading=\"lazy\" class=\"wp-image-388 alignleft\" src=\"http:\/\/congreso.us.es\/movenet\/wp-content\/uploads\/2015\/02\/filtran-informacion-supuestamente-empleados-sony_ediima20141203_0039_13-300x169.jpg\" alt=\"\" width=\"169\" height=\"95\" srcset=\"https:\/\/congreso.us.es\/movenet\/wp-content\/uploads\/2015\/02\/filtran-informacion-supuestamente-empleados-sony_ediima20141203_0039_13-300x169.jpg 300w, https:\/\/congreso.us.es\/movenet\/wp-content\/uploads\/2015\/02\/filtran-informacion-supuestamente-empleados-sony_ediima20141203_0039_13.jpg 643w\" sizes=\"(max-width: 169px) 100vw, 169px\" \/><em>Noticias<\/em> en medios sobre el I Congreso Move.net<\/p><p><a href=\"http:\/\/congreso.us.es\/movenet\/2015\/02\/04\/prensa2015\/\">Ver<\/a><\/p>\t\t\t\t\t\t<\/div>\n\t\t\t\t<\/div>\n\t\t\t\t\t<\/div>\n\t\t<\/div>\n\t\t\t\t\t\t\t<\/div>\n\t\t<\/section>\n\t\t\t\t<section class=\"elementor-section elementor-top-section elementor-element elementor-element-bf59d44 elementor-section-boxed elementor-section-height-default elementor-section-height-default\" data-id=\"bf59d44\" data-element_type=\"section\">\n\t\t\t\t\t\t<div class=\"elementor-container elementor-column-gap-default\">\n\t\t\t\t\t<div class=\"elementor-column elementor-col-50 elementor-top-column elementor-element elementor-element-92a744a\" data-id=\"92a744a\" data-element_type=\"column\">\n\t\t\t<div class=\"elementor-widget-wrap elementor-element-populated\">\n\t\t\t\t\t\t\t\t<div class=\"elementor-element elementor-element-f3efcca elementor-position-left elementor-view-default elementor-mobile-position-top elementor-vertical-align-top elementor-widget elementor-widget-icon-box\" data-id=\"f3efcca\" data-element_type=\"widget\" data-widget_type=\"icon-box.default\">\n\t\t\t\t<div class=\"elementor-widget-container\">\n\t\t\t\t\t<div class=\"elementor-icon-box-wrapper\">\n\t\t\t\t\t\t<div class=\"elementor-icon-box-icon\">\n\t\t\t\t<span class=\"elementor-icon elementor-animation-\" >\n\t\t\t\t<i aria-hidden=\"true\" class=\"fas fa-user-graduate\"><\/i>\t\t\t\t<\/span>\n\t\t\t<\/div>\n\t\t\t\t\t\t<div class=\"elementor-icon-box-content\">\n\t\t\t\t<h3 class=\"elementor-icon-box-title\">\n\t\t\t\t\t<span  >\n\t\t\t\t\t\tComit\u00e9 Cient\u00edfico\t\t\t\t\t<\/span>\n\t\t\t\t<\/h3>\n\t\t\t\t\t\t\t<\/div>\n\t\t<\/div>\n\t\t\t\t<\/div>\n\t\t\t\t<\/div>\n\t\t\t\t<div class=\"elementor-element elementor-element-bfeff1b elementor-widget elementor-widget-text-editor\" data-id=\"bfeff1b\" data-element_type=\"widget\" data-widget_type=\"text-editor.default\">\n\t\t\t\t<div class=\"elementor-widget-container\">\n\t\t\t\t\t\t\t<p><strong>&#8211; Presidente:<\/strong> Jose Cand\u00f3n Mena (Universidad de Sevilla)<br \/>&#8211; Francisco Sierra Caballero (Universidad de Sevilla)<br \/>&#8211; David Montero S\u00e1nchez (Universidad de Sevilla)<br \/>&#8211; Luc\u00eda Ben\u00edtez Eyzaguirre (Universidad de C\u00e1diz)<br \/>&#8211; Emiliano Trer\u00e9 (Universidad de Cardiff)<br \/>&#8211; Salvador Leetoy (Tecnol\u00f3gico de Monterrey)<br \/>&#8211; Alejandro Barranquero Carretero (Universidad Carlos III de Madrid)<br \/>&#8211; \u00c1ngel Carrasco Campos (Universidad de Valladolid)<br \/>&#8211; Guiomar Rovira Sancho (Universidad Aut\u00f3noma Metropolitana de M\u00e9xico)<\/p>\t\t\t\t\t\t<\/div>\n\t\t\t\t<\/div>\n\t\t\t\t\t<\/div>\n\t\t<\/div>\n\t\t\t\t<div class=\"elementor-column elementor-col-50 elementor-top-column elementor-element elementor-element-7361c63\" data-id=\"7361c63\" data-element_type=\"column\">\n\t\t\t<div class=\"elementor-widget-wrap elementor-element-populated\">\n\t\t\t\t\t\t\t\t<div class=\"elementor-element elementor-element-96b76ac elementor-position-left elementor-view-default elementor-mobile-position-top elementor-vertical-align-top elementor-widget elementor-widget-icon-box\" data-id=\"96b76ac\" data-element_type=\"widget\" data-widget_type=\"icon-box.default\">\n\t\t\t\t<div class=\"elementor-widget-container\">\n\t\t\t\t\t<div class=\"elementor-icon-box-wrapper\">\n\t\t\t\t\t\t<div class=\"elementor-icon-box-icon\">\n\t\t\t\t<span class=\"elementor-icon elementor-animation-\" >\n\t\t\t\t<i aria-hidden=\"true\" class=\"fas fa-user-cog\"><\/i>\t\t\t\t<\/span>\n\t\t\t<\/div>\n\t\t\t\t\t\t<div class=\"elementor-icon-box-content\">\n\t\t\t\t<h3 class=\"elementor-icon-box-title\">\n\t\t\t\t\t<span  >\n\t\t\t\t\t\tComit\u00e9 Organizador\t\t\t\t\t<\/span>\n\t\t\t\t<\/h3>\n\t\t\t\t\t\t\t<\/div>\n\t\t<\/div>\n\t\t\t\t<\/div>\n\t\t\t\t<\/div>\n\t\t\t\t<div class=\"elementor-element elementor-element-60e8714 elementor-widget elementor-widget-text-editor\" data-id=\"60e8714\" data-element_type=\"widget\" data-widget_type=\"text-editor.default\">\n\t\t\t\t<div class=\"elementor-widget-container\">\n\t\t\t\t\t\t\t<p><strong>&#8211; Presidente:<\/strong> Jose Cand\u00f3n Mena (Universidad de Sevilla)<br \/>&#8211; David Montero S\u00e1nchez (Universidad de Sevilla)<br \/>&#8211; Francisco Sierra Caballero (Universidad de Sevilla)<br \/>&#8211; Luc\u00eda Ben\u00edtez Eyzaguirre (Universidad de C\u00e1diz)<br \/>&#8211; Salom\u00e9 Sola Morales (Universidad de Sevilla)<br \/>&#8211; Sandra Arenc\u00f3n Beltr\u00e1n (Universidad de Sevilla)<br \/>&#8211; Macarena Hern\u00e1ndez Conde (Universidad de Sevilla)<br \/>&#8211; Javier Moreno G\u00e1lvez (Universidad de Sevilla)<\/p>\t\t\t\t\t\t<\/div>\n\t\t\t\t<\/div>\n\t\t\t\t\t<\/div>\n\t\t<\/div>\n\t\t\t\t\t\t\t<\/div>\n\t\t<\/section>\n\t\t\t\t<section class=\"elementor-section elementor-top-section elementor-element elementor-element-928ded2 elementor-section-boxed elementor-section-height-default elementor-section-height-default\" data-id=\"928ded2\" data-element_type=\"section\">\n\t\t\t\t\t\t<div class=\"elementor-container elementor-column-gap-default\">\n\t\t\t\t\t<div class=\"elementor-column elementor-col-100 elementor-top-column elementor-element elementor-element-96d8db3\" data-id=\"96d8db3\" data-element_type=\"column\">\n\t\t\t<div class=\"elementor-widget-wrap elementor-element-populated\">\n\t\t\t\t\t\t\t\t<div class=\"elementor-element elementor-element-609e6cc elementor-position-left elementor-view-default elementor-mobile-position-top elementor-vertical-align-top elementor-widget elementor-widget-icon-box\" data-id=\"609e6cc\" data-element_type=\"widget\" data-widget_type=\"icon-box.default\">\n\t\t\t\t<div class=\"elementor-widget-container\">\n\t\t\t\t\t<div class=\"elementor-icon-box-wrapper\">\n\t\t\t\t\t\t<div class=\"elementor-icon-box-icon\">\n\t\t\t\t<span class=\"elementor-icon elementor-animation-\" >\n\t\t\t\t<i aria-hidden=\"true\" class=\"fas fa-video\"><\/i>\t\t\t\t<\/span>\n\t\t\t<\/div>\n\t\t\t\t\t\t<div class=\"elementor-icon-box-content\">\n\t\t\t\t<h3 class=\"elementor-icon-box-title\">\n\t\t\t\t\t<span  >\n\t\t\t\t\t\tV\u00eddeos\t\t\t\t\t<\/span>\n\t\t\t\t<\/h3>\n\t\t\t\t\t\t\t<\/div>\n\t\t<\/div>\n\t\t\t\t<\/div>\n\t\t\t\t<\/div>\n\t\t\t\t\t<\/div>\n\t\t<\/div>\n\t\t\t\t\t\t\t<\/div>\n\t\t<\/section>\n\t\t\t\t<section class=\"elementor-section elementor-top-section elementor-element elementor-element-ac6f10a elementor-section-boxed elementor-section-height-default elementor-section-height-default\" data-id=\"ac6f10a\" data-element_type=\"section\">\n\t\t\t\t\t\t<div class=\"elementor-container elementor-column-gap-default\">\n\t\t\t\t\t<div class=\"elementor-column elementor-col-16 elementor-top-column elementor-element elementor-element-3d68e03\" data-id=\"3d68e03\" data-element_type=\"column\">\n\t\t\t<div class=\"elementor-widget-wrap\">\n\t\t\t\t\t\t\t\t\t<\/div>\n\t\t<\/div>\n\t\t\t\t<div class=\"elementor-column elementor-col-66 elementor-top-column elementor-element elementor-element-bf23c33\" data-id=\"bf23c33\" data-element_type=\"column\">\n\t\t\t<div class=\"elementor-widget-wrap elementor-element-populated\">\n\t\t\t\t\t\t\t\t<div class=\"elementor-element elementor-element-9b41261 elementor-widget elementor-widget-text-editor\" data-id=\"9b41261\" data-element_type=\"widget\" data-widget_type=\"text-editor.default\">\n\t\t\t\t<div class=\"elementor-widget-container\">\n\t\t\t\t\t\t\t<p><strong>Jueves 5 de febrero de 2015<br \/><\/strong><\/p><p>9:30 a 10:00h: <span style=\"text-decoration: underline;\">Presentaci\u00f3n del Congreso<\/span><br \/><em>Jos\u00e9 Mar\u00eda Seco Mart\u00ednez<\/em> (Secretario General de la Universidad Pablo de Olavide)<br \/><em>Jos\u00e9 Cand\u00f3n<\/em> (COMPOLITICAS, Universidad de Sevilla, Coordinador de Move.net)<br \/><iframe loading=\"lazy\" title=\"YouTube video player\" src=\"https:\/\/www.youtube.com\/embed\/vhGZiQH0-B4?si=sxd73sTY5htYAvCb\" width=\"560\" height=\"315\" frameborder=\"0\" allowfullscreen=\"allowfullscreen\"><\/iframe><\/p><p>10:00 a 10:30h: <span style=\"text-decoration: underline;\">Videoconferencia de Apertura \u00abPensar la tecnopol\u00edtica en tiempos de cambio desde la academia\u00bb<\/span><br \/><em>Francisco Sierra<\/em> (Director General del Centro Internacional de Estudios Superiores de Comunicaci\u00f3n para Am\u00e9rica Latina \u2013 CIESPAL)<br \/><iframe loading=\"lazy\" title=\"YouTube video player\" src=\"https:\/\/www.youtube.com\/embed\/2ktQ1QALUrw?si=1kS_gGPeLrc-UXCD\" width=\"560\" height=\"315\" frameborder=\"0\" allowfullscreen=\"allowfullscreen\"><\/iframe><\/p><p>11:00 a 11:30: <span style=\"text-decoration: underline;\">Conferencia eje #DemocraciaDigital<\/span><br \/><em>Juan Moreno Yag\u00fce<\/em> (Abogado, Demo4.0, OpEuribor)<br \/><iframe loading=\"lazy\" title=\"YouTube video player\" src=\"https:\/\/www.youtube.com\/embed\/9CWGMKjVXdY?si=PQ4pgdh4Zl8XU7Gx\" width=\"560\" height=\"315\" frameborder=\"0\" allowfullscreen=\"allowfullscreen\"><\/iframe><\/p><p>11:30 a 12:00: <span style=\"text-decoration: underline;\">Conferencia eje #OpenData<\/span><br \/><em>Jos\u00e9 F\u00e9lix Ota\u00f1\u00f3n<\/em> \u2013 Open Kratio (Colectivo especializado en Open Government y Open Data)<br \/><iframe loading=\"lazy\" title=\"YouTube video player\" src=\"https:\/\/www.youtube.com\/embed\/mWvM3mtVZU0?si=SCwKkloq5aGbzT4O\" width=\"560\" height=\"315\" frameborder=\"0\" allowfullscreen=\"allowfullscreen\"><\/iframe><\/p><p>12:00 a 12:45h: <span style=\"text-decoration: underline;\">Mesa Redonda ejes\u00a0#DemocraciaDigital y #OpenData<\/span><br \/><em>Juan Moreno Yag\u00fce,<\/em> Representante de Open Kratio,<em> Daniel Garc\u00eda<\/em> (Agora Voting), <em>Francisco Jurado<\/em><br \/><iframe loading=\"lazy\" title=\"YouTube video player\" src=\"https:\/\/www.youtube.com\/embed\/1Q9HlQiHQLA?si=EVvb9SMM0SI43aPP\" width=\"560\" height=\"315\" frameborder=\"0\" allowfullscreen=\"allowfullscreen\"><\/iframe><\/p><p>12:45 a 13:15h: <span style=\"text-decoration: underline;\">Conferencia eje #MediosEnRed<\/span><br \/><em>Patricia Horrillo<\/em> (Medialab Prado, Radio Guerrilla, \u00c1gora Sol Radio, 15Mpedia, 15M.cc\u2026)<br \/><iframe loading=\"lazy\" title=\"YouTube video player\" src=\"https:\/\/www.youtube.com\/embed\/OExmMN2qXZo?si=V3gLrSSWHwaZ_Q0E\" width=\"560\" height=\"315\" frameborder=\"0\" allowfullscreen=\"allowfullscreen\"><\/iframe><\/p><p>13:15 a 13:45h: <span style=\"text-decoration: underline;\">Conferencia eje #CulturaDigital \u00abAcceso, saturaci\u00f3n y remezcla: Retos de los contenidos en la sociedad red\u00bb<\/span><br \/><em>Pedro Jim\u00e9nez<\/em> (Zemos98)<br \/><iframe loading=\"lazy\" title=\"YouTube video player\" src=\"https:\/\/www.youtube.com\/embed\/1Sdl1acofW0?si=JG04qRjen2S9cH4n\" width=\"560\" height=\"315\" frameborder=\"0\" allowfullscreen=\"allowfullscreen\"><\/iframe><\/p><p>13:45 a 14:30h: <span style=\"text-decoration: underline;\">Mesa Redonda ejes\u00a0#CulturaDigital y #MediosEnRed<\/span><br \/><em>Patricia Horrillo,<\/em> <em>Pedro Jim\u00e9nez,<\/em> <em>Susana Serrano, Mar\u00eda Navarro<\/em> (Radiopolis y Red de Madios Comunitarios \u2013 ReMC)<br \/><iframe loading=\"lazy\" title=\"YouTube video player\" src=\"https:\/\/www.youtube.com\/embed\/kADQrA225BM?si=Mp_QaxSobxne7cdR\" width=\"560\" height=\"315\" frameborder=\"0\" allowfullscreen=\"allowfullscreen\"><\/iframe><\/p><p>18:00 a 19:00h: <span style=\"text-decoration: underline;\">Conferencia \u00ab2011-2017. La democracia desde abajo: Movilizaciones, territorios y nuevas formas de hacer pol\u00edtica\u00bb<\/span><br \/><em>\u00c1ngel Calle<\/em> (Universidad de C\u00f3rdoba)<br \/><iframe loading=\"lazy\" title=\"YouTube video player\" src=\"https:\/\/www.youtube.com\/embed\/zSca_vETPu4?si=lyDCZ9QbkLH7WVFZ\" width=\"560\" height=\"315\" frameborder=\"0\" allowfullscreen=\"allowfullscreen\"><\/iframe><\/p><p><strong>Viernes 6 de febrero de 2015<\/strong><\/p><p>9:30 a 10:00h: <span style=\"text-decoration: underline;\">Conferencia eje #Soberan\u00edaTecnol\u00f3gica<\/span><br \/><em>Alex Hache<\/em> (investigadora y activista, coordinadora del libro \u201cSoberan\u00eda Tecnol\u00f3gica\u201d)<br \/><iframe loading=\"lazy\" title=\"YouTube video player\" src=\"https:\/\/www.youtube.com\/embed\/ltEtoA7gB8A?si=NyLAhfNa69_n4vMV\" width=\"560\" height=\"315\" frameborder=\"0\" allowfullscreen=\"allowfullscreen\"><\/iframe><\/p><p>10:00 a 10:30h:\u00a0<span style=\"text-decoration: underline;\">Conferencia eje #Soberan\u00edaTecnol\u00f3gica<\/span><br \/><em>Pablo Mart\u00edn Mu\u00f1oz<\/em> \u2013 Enreda.coop (cooperativa tecnol\u00f3gica de software libre que presta apoyo a organizaciones sociales)<\/p><p>11:00 a 11:45h: <span style=\"text-decoration: underline;\">Mesa Redonda eje #Soberan\u00edaTecnol\u00f3gica<\/span><br \/><em>Alex Hache, Pablo Mart\u00edn, Pablo Neira<\/em> (Universidad de Sevilla)<br \/><iframe loading=\"lazy\" title=\"YouTube video player\" src=\"https:\/\/www.youtube.com\/embed\/bmQcg4YQC6U?si=gpmSaU92pZHIPMzS\" width=\"560\" height=\"315\" frameborder=\"0\" allowfullscreen=\"allowfullscreen\"><\/iframe><\/p><p>11:45 a 12:15h: <span style=\"text-decoration: underline;\">Conferencia eje #Ciberactivismo<\/span><br \/><em>Paolo Gerbaudo<\/em> (King\u2019s College London)<br \/><iframe loading=\"lazy\" title=\"YouTube video player\" src=\"https:\/\/www.youtube.com\/embed\/KvWS_nV5X2A?si=TY2a1PFEsNl_MjSB\" width=\"560\" height=\"315\" frameborder=\"0\" allowfullscreen=\"allowfullscreen\"><\/iframe><\/p><p>12:15 a 12:45h: <span style=\"text-decoration: underline;\">Conferencia eje #InternetCr\u00edtico<\/span><br \/><em>Rafael Rodr\u00edguez Prieto<\/em> (Universidad Pablo de Olavide)<br \/><em>Fernando Mart\u00ednez<\/em> Cabezudo (Universidad Pablo de Olavide)<br \/><iframe loading=\"lazy\" title=\"YouTube video player\" src=\"https:\/\/www.youtube.com\/embed\/H1oX7mntgFM?si=cQP3tODzOWUNCO4s\" width=\"560\" height=\"315\" frameborder=\"0\" allowfullscreen=\"allowfullscreen\"><\/iframe><\/p><p>12:45 a 13:45h: <span style=\"text-decoration: underline;\">Conferencia \u201cEl 15M y la emergencia del Cuarto Poder en Red\u201d<\/span><br \/><em>Victor Sampedro<\/em> (Universidad Rey Juan Carlos)<br \/><iframe loading=\"lazy\" title=\"YouTube video player\" src=\"https:\/\/www.youtube.com\/embed\/q4CcGUuOw40?si=H-orSBsH92VBKFrZ\" width=\"560\" height=\"315\" frameborder=\"0\" allowfullscreen=\"allowfullscreen\"><\/iframe><\/p><p>13:45 a 14:30h: <span style=\"text-decoration: underline;\">Mesa Redonda sobre Academia y Movimientos Sociales<\/span><br \/><em>Alex Hache, V\u00edctor Sampedro, Jo\u015be Cand\u00f3n<\/em><br \/><iframe loading=\"lazy\" title=\"YouTube video player\" src=\"https:\/\/www.youtube.com\/embed\/5S2NyyCNQWI?si=Dp0syxpyvFDkhxG0\" width=\"560\" height=\"315\" frameborder=\"0\" allowfullscreen=\"allowfullscreen\"><\/iframe><\/p><p>18:00 a 19:00h: <span style=\"text-decoration: underline;\">Conferencia \u201cPropietarios del conocimiento\u201d<\/span><br \/><em>David Bravo<\/em> (abogado especialista en propiedad intelectual y derecho inform\u00e1tico)<br \/><iframe loading=\"lazy\" title=\"YouTube video player\" src=\"https:\/\/www.youtube.com\/embed\/czJa-HeID8k?si=xNatmps5bySGcpfp\" width=\"560\" height=\"315\" frameborder=\"0\" allowfullscreen=\"allowfullscreen\"><\/iframe><\/p><p><strong>S\u00e1bado 7 de febrero de 2015<br \/><\/strong><\/p><p>10:00 a 10:30h: <span style=\"text-decoration: underline;\">Conferencia eje #Ciberactivismo<\/span><br \/>Francisco Jurado (Democracia Real Ya, Demo 4.0\u2026)<\/p><p>11:00 a 11:30h: <span style=\"text-decoration: underline;\">Conferencia eje #Ciberactivismo \u00abDel ciberactivismo a la tecnopol\u00edtica: desbordes aprendidos desde el 15M\u00bb<\/span><br \/><em>Marta G. Franco<\/em> (Diagonal, @acampadasol\u2026)<br \/><iframe loading=\"lazy\" title=\"YouTube video player\" src=\"https:\/\/www.youtube.com\/embed\/6e3SEtumJPo?si=xnJCmDgkr3PDgXAv\" width=\"560\" height=\"315\" frameborder=\"0\" allowfullscreen=\"allowfullscreen\"><\/iframe><\/p><p>11:30 a 12:00h: <span style=\"text-decoration: underline;\">Conferencia eje #Ciberactivismo<\/span><br \/><em>David Lozano<\/em> \u2013 Coordinadora de Inform\u00e1tica de la CGT<br \/><iframe loading=\"lazy\" title=\"YouTube video player\" src=\"https:\/\/www.youtube.com\/embed\/1QPiYJaaBfw?si=WX3V5l2drmUzjVmV\" width=\"560\" height=\"315\" frameborder=\"0\" allowfullscreen=\"allowfullscreen\"><\/iframe><\/p><p>12:00 a 12:30h: <span style=\"text-decoration: underline;\">Conferencia eje #Ciberactivismo<\/span><br \/><em>Manuel Jes\u00fas Rom\u00e1n \u00abManje\u00bb<\/em> (programador y activista, colectivo Hacktivistas)<br \/><iframe loading=\"lazy\" title=\"YouTube video player\" src=\"https:\/\/www.youtube.com\/embed\/ebS4eA5XjpQ?si=E3TOGfEpySFeTLqb\" width=\"560\" height=\"315\" frameborder=\"0\" allowfullscreen=\"allowfullscreen\"><\/iframe><\/p><p>12:30 a 13:15h: <span style=\"text-decoration: underline;\">Mesa Redonda eje #Ciberactivismo<\/span><br \/><em>Marta G. Franco, Francisco Jurado, David Lozano, Manje, Sof\u00eda Luque y Alberto Guerrero<\/em> (Democracia Real Ya)<br \/><iframe loading=\"lazy\" title=\"YouTube video player\" src=\"https:\/\/www.youtube.com\/embed\/THv-jkE3hHY?si=E_jzBQvw-2sbw6Dm\" width=\"560\" height=\"315\" frameborder=\"0\" allowfullscreen=\"allowfullscreen\"><\/iframe><\/p><p>13:15 a 13:45h: <span style=\"text-decoration: underline;\">Conferencia sobre Municipalismo y Pol\u00edtica en la Red \u00abComunicaci\u00f3n en las candidaturas ciudadanas. El encuentro de dos modelos\u00bb<\/span><br \/><em>Alejandra Calvo Mart\u00ednez<\/em> \u2013 Ganemos Madrid<br \/><iframe loading=\"lazy\" title=\"YouTube video player\" src=\"https:\/\/www.youtube.com\/embed\/aLQHbaFWY7U?si=EcYRetDQ9aYVaBvC\" width=\"560\" height=\"315\" frameborder=\"0\" allowfullscreen=\"allowfullscreen\"><\/iframe><\/p><p>13:45 a 14:30h: <span style=\"text-decoration: underline;\">Mesa Redonda sobre Municipalismo y Pol\u00edtica en la Red<\/span><br \/><em>Ganemos Madrid, Ganemos M\u00e1laga, Ganemos Jerez y Podemos Sevilla<\/em><br \/><iframe loading=\"lazy\" title=\"YouTube video player\" src=\"https:\/\/www.youtube.com\/embed\/C77JiteXTTM?si=YelgUewI6nXDJt6S\" width=\"560\" height=\"315\" frameborder=\"0\" allowfullscreen=\"allowfullscreen\"><\/iframe><\/p><p>20:00 a 21:00h: <span style=\"text-decoration: underline;\">Conferencia de Clausura \u201cC\u00f3mo empez\u00f3 todo y c\u00f3mo puede estar acabando\u201d<\/span><br \/><em>Margarita Padilla<\/em> (Ingeniera inform\u00e1tica, exdirectora de la revista Mundo Linux, fundadora de Sindominio.net y autora de \u201cEl Kit de la lucha en Internet\u201d)<br \/><iframe loading=\"lazy\" title=\"YouTube video player\" src=\"https:\/\/www.youtube.com\/embed\/n30kubJQmQ0?si=CeoCkX_IoVKCX5uw\" width=\"560\" height=\"315\" frameborder=\"0\" allowfullscreen=\"allowfullscreen\"><\/iframe><\/p><p><strong>V\u00eddeos en web de la UPO<\/strong><\/p><p><strong>Jueves 5 de febrero de 2015<br \/><\/strong><\/p><p style=\"padding-left: 40px;\">1\u00aa parte: <a href=\"http:\/\/upotv.upo.es\/video\/index\/id\/924\" rel=\"nofollow\">http:\/\/upotv.upo.es\/video\/index\/id\/924<\/a><br \/>2\u00aa parte: <a href=\"http:\/\/upotv.upo.es\/video\/index\/id\/937\" rel=\"nofollow\">http:\/\/upotv.upo.es\/video\/index\/id\/937<\/a><\/p><p><strong>Viernes 6 de febrero de 2015<\/strong><\/p><p style=\"padding-left: 40px;\">1\u00aa parte: <a href=\"http:\/\/upotv.upo.es\/video\/index\/id\/947\" rel=\"nofollow\">http:\/\/upotv.upo.es\/video\/index\/id\/947<\/a><br \/>2\u00aa parte: <a href=\"http:\/\/upotv.upo.es\/video\/index\/id\/950\" rel=\"nofollow\">http:\/\/upotv.upo.es\/video\/index\/id\/950<\/a><\/p><p><strong>S\u00e1bado 7 de febrero de 2015<\/strong><\/p><p style=\"padding-left: 40px;\">1\u00aa parte: <a href=\"http:\/\/upotv.upo.es\/video\/index\/id\/923\" rel=\"nofollow\">http:\/\/upotv.upo.es\/video\/index\/id\/923<\/a><\/p>\t\t\t\t\t\t<\/div>\n\t\t\t\t<\/div>\n\t\t\t\t\t<\/div>\n\t\t<\/div>\n\t\t\t\t<div class=\"elementor-column elementor-col-16 elementor-top-column elementor-element elementor-element-62f4f5f\" data-id=\"62f4f5f\" data-element_type=\"column\">\n\t\t\t<div class=\"elementor-widget-wrap\">\n\t\t\t\t\t\t\t\t\t<\/div>\n\t\t<\/div>\n\t\t\t\t\t\t\t<\/div>\n\t\t<\/section>\n\t\t\t\t<section class=\"elementor-section elementor-top-section elementor-element elementor-element-9ecc994 elementor-section-boxed elementor-section-height-default elementor-section-height-default\" data-id=\"9ecc994\" data-element_type=\"section\">\n\t\t\t\t\t\t<div class=\"elementor-container elementor-column-gap-default\">\n\t\t\t\t\t<div class=\"elementor-column elementor-col-100 elementor-top-column elementor-element elementor-element-abd1eb5\" data-id=\"abd1eb5\" data-element_type=\"column\">\n\t\t\t<div class=\"elementor-widget-wrap\">\n\t\t\t\t\t\t\t\t\t<\/div>\n\t\t<\/div>\n\t\t\t\t\t\t\t<\/div>\n\t\t<\/section>\n\t\t\t\t\t\t\t<\/div>\n\t\t","protected":false},"excerpt":{"rendered":"<div class=\"slide-text-bg2\"><span>I Congreso InternacionalMove.net sobre Movimientos Sociales y TIC Universidad Pablo Olavide \/ 5-7 de febrero de 2015 La I Edici\u00f3n de Move.net se celebr\u00f3 <\/span><\/div>\n<div class=\"slide-btn-area-sm\"><a href=\"https:\/\/congreso.us.es\/movenet\/i-move-net\/\" class=\"slide-btn-sm\">Leer m\u00e1s<\/a><\/div>\n","protected":false},"author":1,"featured_media":1370,"parent":0,"menu_order":0,"comment_status":"closed","ping_status":"open","template":"fullwidth.php","meta":[],"_links":{"self":[{"href":"https:\/\/congreso.us.es\/movenet\/wp-json\/wp\/v2\/pages\/1536"}],"collection":[{"href":"https:\/\/congreso.us.es\/movenet\/wp-json\/wp\/v2\/pages"}],"about":[{"href":"https:\/\/congreso.us.es\/movenet\/wp-json\/wp\/v2\/types\/page"}],"author":[{"embeddable":true,"href":"https:\/\/congreso.us.es\/movenet\/wp-json\/wp\/v2\/users\/1"}],"replies":[{"embeddable":true,"href":"https:\/\/congreso.us.es\/movenet\/wp-json\/wp\/v2\/comments?post=1536"}],"version-history":[{"count":184,"href":"https:\/\/congreso.us.es\/movenet\/wp-json\/wp\/v2\/pages\/1536\/revisions"}],"predecessor-version":[{"id":2046,"href":"https:\/\/congreso.us.es\/movenet\/wp-json\/wp\/v2\/pages\/1536\/revisions\/2046"}],"wp:featuredmedia":[{"embeddable":true,"href":"https:\/\/congreso.us.es\/movenet\/wp-json\/wp\/v2\/media\/1370"}],"wp:attachment":[{"href":"https:\/\/congreso.us.es\/movenet\/wp-json\/wp\/v2\/media?parent=1536"}],"curies":[{"name":"wp","href":"https:\/\/api.w.org\/{rel}","templated":true}]}}