{"id":36,"date":"2014-01-15T12:44:08","date_gmt":"2014-01-15T12:44:08","guid":{"rendered":"http:\/\/congreso-move.net\/?page_id=36"},"modified":"2023-11-28T07:36:04","modified_gmt":"2023-11-28T07:36:04","slug":"derechos-digitales","status":"publish","type":"page","link":"https:\/\/congreso.us.es\/movenet\/ejes-tematicos\/derechos-digitales\/","title":{"rendered":"Derechos digitales"},"content":{"rendered":"<p><span style=\"color: #ff6600;\"><strong>Derechos digitales:<\/strong> <\/span>Los derechos de propiedad intelectual o los derechos de autor son cuestionados, en su actual configuraci\u00f3n, por las nuevas posibilidades abiertas por las redes digitales. A su vez, surgen normas legislativas que amparadas en la defensa de estos derechos o en amenazas como la pederastia o el terrorismo tratan, en demasiadas ocasiones, de limitar la libertad de la red con objetivos esp\u00fareos, cuestionando el principio de neutralidad o la libertad de informaci\u00f3n. Por su parte, el propio acceso a la red es reclamado como un nuevo derecho ciudadano: \u00bfComo deben entenderse los derechos de autor en el nuevo mundo digital? \u00bfC\u00f3mo compatibilizar la remuneraci\u00f3n de los autores con la facilidad de la copia digital? \u00bfC\u00f3mo deber\u00eda adaptarse la industria al nuevo entorno tecnol\u00f3gico? \u00bfSupone la legislaci\u00f3n una amenaza a la libertad originaria de las redes digitales? \u00bfHasta qu\u00e9 punto habr\u00eda que legislar? \u00bfEn qu\u00e9 sentido? \u00bfDebe considerarse el acceso a la red un nuevo derecho ciudadano?<\/p>\n<p style=\"padding-left: 40px;\">Seguir eje: <a href=\"https:\/\/twitter.com\/search?q=%23DerechosDigitales&amp;src=typdhttps:\/\/twitter.com\/search?q=%23DerechosDigitales\">#DerechosDigitales<\/a><\/p>\n","protected":false},"excerpt":{"rendered":"<div class=\"slide-text-bg2\"><span>Derechos digitales: Los derechos de propiedad intelectual o los derechos de autor son cuestionados, en su actual configuraci\u00f3n, por las nuevas posibilidad<\/span><\/div>\n<div class=\"slide-btn-area-sm\"><a href=\"https:\/\/congreso.us.es\/movenet\/ejes-tematicos\/derechos-digitales\/\" class=\"slide-btn-sm\">Leer m\u00e1s<\/a><\/div>\n","protected":false},"author":1,"featured_media":0,"parent":24,"menu_order":0,"comment_status":"closed","ping_status":"open","template":"","meta":[],"_links":{"self":[{"href":"https:\/\/congreso.us.es\/movenet\/wp-json\/wp\/v2\/pages\/36"}],"collection":[{"href":"https:\/\/congreso.us.es\/movenet\/wp-json\/wp\/v2\/pages"}],"about":[{"href":"https:\/\/congreso.us.es\/movenet\/wp-json\/wp\/v2\/types\/page"}],"author":[{"embeddable":true,"href":"https:\/\/congreso.us.es\/movenet\/wp-json\/wp\/v2\/users\/1"}],"replies":[{"embeddable":true,"href":"https:\/\/congreso.us.es\/movenet\/wp-json\/wp\/v2\/comments?post=36"}],"version-history":[{"count":2,"href":"https:\/\/congreso.us.es\/movenet\/wp-json\/wp\/v2\/pages\/36\/revisions"}],"predecessor-version":[{"id":2102,"href":"https:\/\/congreso.us.es\/movenet\/wp-json\/wp\/v2\/pages\/36\/revisions\/2102"}],"up":[{"embeddable":true,"href":"https:\/\/congreso.us.es\/movenet\/wp-json\/wp\/v2\/pages\/24"}],"wp:attachment":[{"href":"https:\/\/congreso.us.es\/movenet\/wp-json\/wp\/v2\/media?parent=36"}],"curies":[{"name":"wp","href":"https:\/\/api.w.org\/{rel}","templated":true}]}}