{"id":48,"date":"2014-01-15T12:46:54","date_gmt":"2014-01-15T12:46:54","guid":{"rendered":"http:\/\/congreso-move.net\/?page_id=48"},"modified":"2023-11-28T07:39:39","modified_gmt":"2023-11-28T07:39:39","slug":"medios-en-la-red","status":"publish","type":"page","link":"https:\/\/congreso.us.es\/movenet\/ejes-tematicos\/medios-en-la-red\/","title":{"rendered":"Medios en la red"},"content":{"rendered":"<p><span style=\"color: #ff6600;\"><strong>Medios en la red:<\/strong> <\/span>Desde la aparici\u00f3n de Internet y la telefon\u00eda m\u00f3vil, el ecosistema medi\u00e1tico est\u00e1 sometido a cambios profundos y vertiginosos. Por un lado, la digitalizaci\u00f3n ha facilitado la emergencia de nuevos actores comunicativos, a la vez que la industria hegem\u00f3nica se concentraba con objeto de maximizar beneficios. Por otro lado, Internet ha renovado el newsmaking hasta convertirse en soporte de un sinf\u00edn de proyectos informativos (desde medios y fact-checkers a plataformas de filtrado y correcci\u00f3n de noticias) que hoy ensayan f\u00f3rmulas innovadoras para la gesti\u00f3n de la diversidad y la credibilidad, el trabajo cooperativo o la vinculaci\u00f3n con los movimientos sociales. En los \u00faltimos a\u00f1os, la transformaci\u00f3n de los h\u00e1bitos en el acceso y consumo de informaci\u00f3n, el fen\u00f3meno de las fake-news o la tendencia a la polarizaci\u00f3n del debate en las redes sociales, han complejizado a\u00fan m\u00e1s el escenario comunicativo. En este contexto: \u00bfCu\u00e1l es el papel de los nuevos medios digitales en un contexto de crisis civilizatoria? \u00bfC\u00f3mo garantizar la sostenibilidad de los nuevos proyectos informativos que emergen en el contexto digital? \u00bfEs posible hablar de disputa de sentidos en un ecosistema crecientemente concentrado y polarizado? \u00bfDe qu\u00e9 manera Internet promueve, limita o determina la participaci\u00f3n ciudadana en el sistema de medios?<\/p>\n<p style=\"padding-left: 40px;\"><strong>Coordina<\/strong><strong>:<\/strong> Red de Investigaci\u00f3n en Comunicaci\u00f3n Comunitaria, Alternativa y Participativa (<a href=\"https:\/\/www.riccap.org\/es\/\">RICCAP<\/a>)<\/p>\n<p style=\"padding-left: 40px;\"><a href=\"https:\/\/www.riccap.org\/es\/\"><img loading=\"lazy\" class=\"alignnone size-full wp-image-639\" src=\"https:\/\/congresomove.files.wordpress.com\/2017\/01\/logo-riccap.jpg\" alt=\"logo-riccap\" width=\"225\" height=\"50\" \/><\/a><\/p>\n<p class=\"western\" style=\"padding-left: 40px;\">Seguir eje: <a href=\"https:\/\/twitter.com\/search?q=%23MediosEnRed\">#MediosEnRed<\/a><\/p>\n","protected":false},"excerpt":{"rendered":"<div class=\"slide-text-bg2\"><span>Medios en la red: Desde la aparici\u00f3n de Internet y la telefon\u00eda m\u00f3vil, el ecosistema medi\u00e1tico est\u00e1 sometido a cambios profundos y vertiginosos. Por u<\/span><\/div>\n<div class=\"slide-btn-area-sm\"><a href=\"https:\/\/congreso.us.es\/movenet\/ejes-tematicos\/medios-en-la-red\/\" class=\"slide-btn-sm\">Leer m\u00e1s<\/a><\/div>\n","protected":false},"author":1,"featured_media":0,"parent":24,"menu_order":0,"comment_status":"closed","ping_status":"open","template":"","meta":[],"_links":{"self":[{"href":"https:\/\/congreso.us.es\/movenet\/wp-json\/wp\/v2\/pages\/48"}],"collection":[{"href":"https:\/\/congreso.us.es\/movenet\/wp-json\/wp\/v2\/pages"}],"about":[{"href":"https:\/\/congreso.us.es\/movenet\/wp-json\/wp\/v2\/types\/page"}],"author":[{"embeddable":true,"href":"https:\/\/congreso.us.es\/movenet\/wp-json\/wp\/v2\/users\/1"}],"replies":[{"embeddable":true,"href":"https:\/\/congreso.us.es\/movenet\/wp-json\/wp\/v2\/comments?post=48"}],"version-history":[{"count":2,"href":"https:\/\/congreso.us.es\/movenet\/wp-json\/wp\/v2\/pages\/48\/revisions"}],"predecessor-version":[{"id":2105,"href":"https:\/\/congreso.us.es\/movenet\/wp-json\/wp\/v2\/pages\/48\/revisions\/2105"}],"up":[{"embeddable":true,"href":"https:\/\/congreso.us.es\/movenet\/wp-json\/wp\/v2\/pages\/24"}],"wp:attachment":[{"href":"https:\/\/congreso.us.es\/movenet\/wp-json\/wp\/v2\/media?parent=48"}],"curies":[{"name":"wp","href":"https:\/\/api.w.org\/{rel}","templated":true}]}}